{"id":24796,"date":"2022-10-06T15:11:34","date_gmt":"2022-10-06T13:11:34","guid":{"rendered":"https:\/\/hamburgteam.de\/?page_id=24796"},"modified":"2023-11-14T11:54:46","modified_gmt":"2023-11-14T10:54:46","slug":"privacy-policy-social-media","status":"publish","type":"page","link":"https:\/\/hamburgteam.de\/en\/privacy-policy-social-media\/","title":{"rendered":"Privacy policy social media"},"content":{"rendered":"<div class=\"wpb-content-wrapper\"><p>[vc_section][vc_row padding_top_multiplier=\u201e2x\u201c padding_bottom_multiplier=\u201e3x\u201c columns_gap=\u201e60\u201c][vc_column width=\u201e1\/6\u201c vertical_content_position=\u201emiddle\u201c][\/vc_column][vc_column width=\u201e2\/3\u201c]<\/p><h2 class=\"grve-element grve-title grve-align-inherit grve-h2\"><span><strong>Privacy policy concer\u00adning our social media&nbsp;pages<\/strong><\/span><\/h2>[vc_column_text]<span data-contrast=\"auto\">When you visit our social media pages, it may be neces\u00adsary to process data relating to you. We would there\u00adfore like to inform you below, in accordance with article 13 of the General Data Protec\u00adtion Regula\u00adtion (DSGVO), about the handling of your data and your rights resul\u00adting from this.<\/span><span data-ccp-props=\"{&quot;201341983&quot;:0,&quot;335559739&quot;:200,&quot;335559740&quot;:300}\">&nbsp;<\/span>\n<p><b><span data-contrast=\"auto\">Respon\u00adsi\u00adbi\u00adlity<\/span><\/b><span data-ccp-props=\"{&quot;201341983&quot;:0,&quot;335559739&quot;:200,&quot;335559740&quot;:300}\">&nbsp;<\/span><\/p>\n<p><span data-contrast=\"auto\">HAMBURG TEAM Gesell\u00adschaft f\u00fcr Projekt\u00adent\u00adwick\u00adlung mbH operates the follo\u00adwing social media sites:<\/span><span data-ccp-props=\"{&quot;201341983&quot;:0,&quot;335559739&quot;:200,&quot;335559740&quot;:300}\">&nbsp;<\/span><\/p>\n<ul>\n<li><strong>Insta\u00adgram:<\/strong> <a href=\"https:\/\/www.instagram.com\/hamburgteam\/\" target=\"_blank\" rel=\"noopener\">instagram.com\/hamburgteam\/<\/a><\/li>\n<li><strong>Facebook:<\/strong> <a href=\"https:\/\/www.facebook.com\/hamburgteam\" target=\"_blank\" rel=\"noopener\">facebook.com\/hamburgteam<\/a><\/li>\n<li><strong>LinkedIn:<\/strong> <a href=\"https:\/\/www.linkedin.com\/company\/hamburg-team-gruppe\/\" target=\"_blank\" rel=\"noopener\">linkedin.com\/company\/hamburg-team-gruppe\/<\/a><\/li>\n<li><strong>XING<\/strong>: <a href=\"https:\/\/www.xing.com\/pages\/hamburg-team-gruppe\" target=\"_blank\" rel=\"noopener\">xing.com\/pages\/hamburg-team-gruppe<\/a><\/li>\n<li><strong>Vimeo:<\/strong> <a href=\"https:\/\/vimeo.com\/hamburgteam\" target=\"_blank\" rel=\"noopener\">vimeo.com\/hamburgteam<\/a><\/li>\n<\/ul>\n<p><span data-contrast=\"auto\">You can find our contact infor\u00adma\u00adtion here: <\/span><a href=\"https:\/\/hamburgteam.de\/en\/imprint\/\"><span data-contrast=\"none\">Imprint<\/span><\/a><span data-contrast=\"auto\">.<\/span><span data-ccp-props=\"{&quot;201341983&quot;:0,&quot;335559739&quot;:200,&quot;335559740&quot;:300}\"><br>\n<\/span><\/p>\n<p><span data-contrast=\"auto\">Also respon\u00adsible for the proces\u00adsing of your personal data in addition to our company is the operator of the social media platform. To the extent that we can influence data proces\u00adsing and set parame\u00adters for it, we will use our best efforts to ensure that the operator of the social media platform handles your data in a&nbsp;manner that complies with data protec\u00adtion laws. In this regard, please also note the data protec\u00adtion state\u00adments of the respec\u00adtive social media platforms.<\/span><span data-ccp-props=\"{&quot;201341983&quot;:0,&quot;335559739&quot;:200,&quot;335559740&quot;:300}\">&nbsp;<\/span><\/p>\n<p><b><span data-contrast=\"auto\">How we process data<\/span><\/b><b><span data-contrast=\"auto\">&nbsp;<\/span><\/b><span data-ccp-props=\"{&quot;201341983&quot;:0,&quot;335559739&quot;:200,&quot;335559740&quot;:300}\">&nbsp;<\/span><\/p>\n<p><span data-contrast=\"auto\">The data you enter on our social media pages, such as usernames, comments, videos, images, likes, public messages, etc. are published by the social media platform and are not processed by us for any other purpose at any time. We only reserve the right to delete content if this should be neces\u00adsary. Where appro\u00adpriate, we share your content on our site if this is a&nbsp;function of the social media platform and commu\u00adni\u00adcate with you via the social media platform.<\/span><span data-ccp-props=\"{&quot;201341983&quot;:0,&quot;335559739&quot;:200,&quot;335559740&quot;:300}\">&nbsp;<\/span><\/p>\n<p><span data-contrast=\"auto\">Where you submit a&nbsp;request to us on the social media platform, depen\u00adding on the content, we may also refer you to other secure commu\u00adni\u00adca\u00adtion channels that guarantee confi\u00adden\u00adtia\u00adlity. For example, you have the option at any time to send us your inqui\u00adries to the address or E-mail address listed in the<\/span>&nbsp;<a href=\"https:\/\/hamburgteam.de\/en\/imprint\/\"><span data-contrast=\"none\">Imprint<\/span><\/a><span data-contrast=\"auto\">. <\/span><span data-contrast=\"auto\">The choice of the appro\u00adpriate commu\u00adni\u00adca\u00adtion channel lies in this case in your own respon\u00adsi\u00adbi\u00adlity. The legal basis for the proces\u00adsing of your data is art. 6&nbsp;para. 1&nbsp;p. 1 (f) General Data Protec\u00adtion Regula\u00adtion (DSGVO). This data proces\u00adsing is carried out in the interests of public relations for our company and in order to be able to commu\u00adni\u00adcate with custo\u00admers.<\/span><span data-ccp-props=\"{&quot;201341983&quot;:0,&quot;335559739&quot;:200,&quot;335559740&quot;:300}\">&nbsp;<\/span><\/p>\n<p><span data-contrast=\"auto\">Some social media platforms create statis\u00adtics that are based on usage data and contain infor\u00adma\u00adtion about your inter\u00adac\u00adtion with our social media site. We cannot influence the opera\u00adtion and provi\u00adsion of these statis\u00adtics, nor can we prevent them.<\/span><span data-ccp-props=\"{&quot;201341983&quot;:0,&quot;335559739&quot;:200,&quot;335559740&quot;:300}\">&nbsp;<\/span><\/p>\n<p><span data-contrast=\"auto\">We do not, however, make use of optional statis\u00adtics of the social media platform.<\/span><span data-ccp-props=\"{&quot;201341983&quot;:0,&quot;335559739&quot;:200,&quot;335559740&quot;:300}\">&nbsp;<\/span><\/p>\n<p><span data-contrast=\"auto\">We process this infor\u00adma\u00adtion in accordance with art. 6&nbsp;para. 1&nbsp;p. 1 (f) of the German Data Protec\u00adtion Regula\u00adtion (DSGVO) in the interest of valida\u00adting the use of our social media pages and impro\u00adving our content in a&nbsp;target group-oriented manner.<\/span><span data-ccp-props=\"{&quot;201341983&quot;:0,&quot;335559739&quot;:200,&quot;335559740&quot;:300}\">&nbsp;<\/span><\/p>\n<p><span data-contrast=\"auto\">If you wish to object to certain data proces\u00adsing over which we have control, please contact us using the contact details provided in the imprint.<\/span><span data-ccp-props=\"{&quot;201341983&quot;:0,&quot;335559739&quot;:200,&quot;335559740&quot;:300}\">&nbsp;<\/span><\/p>\n<p><b><span data-contrast=\"auto\">Period of Storage<\/span><\/b><span data-ccp-props=\"{&quot;201341983&quot;:0,&quot;335559739&quot;:200,&quot;335559740&quot;:300}\">&nbsp;<\/span><\/p>\n<p><span data-contrast=\"auto\">We delete your personal data when they are no longer required for the afore\u00admen\u00adtioned proces\u00adsing&nbsp;&nbsp; purposes and there are no legal reten\u00adtion obliga\u00adtions that prevent deletion.<\/span><span data-ccp-props=\"{&quot;201341983&quot;:0,&quot;335559739&quot;:200,&quot;335559740&quot;:300}\">&nbsp;<\/span><\/p>\n<p><b><span data-contrast=\"auto\">Proces\u00adsing of data by the operator of the social media platform<\/span><\/b><span data-ccp-props=\"{&quot;201341983&quot;:0,&quot;335559739&quot;:200,&quot;335559740&quot;:300}\">&nbsp;<\/span><\/p>\n<p>T<span data-contrast=\"auto\">he operator of the social media platform uses web tracking methods. The web tracking may also take place regard\u00adless of whether you are logged in or regis\u00adtered with the social media platform.<\/span><span data-ccp-props=\"{&quot;201341983&quot;:0,&quot;335559739&quot;:200,&quot;335559740&quot;:300}\">&nbsp;<\/span><\/p>\n<p><span data-contrast=\"auto\">We would there\u00adfore like to point out that it cannot be ruled out that the provider of the social media&nbsp;&nbsp; platform uses your profile and behavi\u00adoral data to evaluate your habits, personal relati\u00adonships,&nbsp;&nbsp;&nbsp;&nbsp;&nbsp;&nbsp;&nbsp;&nbsp; prefe\u00adrences, etc. We have no influence on this matter. In this respect, we have no influence on the&nbsp;&nbsp; proces\u00adsing of your data by the provider of the social media platform, and you there\u00adfore use the social media platform at your own discre\u00adtion.<\/span><span data-ccp-props=\"{&quot;201341983&quot;:0,&quot;335559739&quot;:200,&quot;335559740&quot;:300}\">&nbsp;<\/span><\/p>\n<p><span data-contrast=\"auto\">More infor\u00adma\u00adtion on data proces\u00adsing by the provider of the social media platform, confi\u00adgu\u00adra\u00adtion options for protec\u00adting your privacy, as well as further objec\u00adtion options and, insofar as available and concluded, the agree\u00adment in accordance with art. 26 of the German Data Protec\u00adtion Regula\u00adtion (DSGVO), can be found in the provi\u00adder\u2019s privacy policy:<\/span><span data-ccp-props=\"{&quot;201341983&quot;:0,&quot;335559739&quot;:200,&quot;335559740&quot;:300}\">&nbsp;<\/span><\/p>\n<ul>\n<li><strong>Insta\u00adgram:<\/strong> <a href=\"https:\/\/www.instagram.com\/legal\/privacy\/\" target=\"_blank\" rel=\"noopener\">instagram.com\/legal\/privacy\/<\/a> and <a href=\"https:\/\/www.facebook.com\/legal\/terms\/page_controller_addendum\" target=\"_blank\" rel=\"noopener\">facebook.com\/legal\/terms\/page_controller_addendum<\/a><\/li>\n<li><strong>Facebook:<\/strong> <a href=\"https:\/\/www.facebook.com\/about\/privacy\/update\" target=\"_blank\" rel=\"noopener\">facebook.com\/about\/privacy\/update<\/a> and <a href=\"https:\/\/www.facebook.com\/legal\/terms\/page_controller_addendum\" target=\"_blank\" rel=\"noopener\">facebook.com\/legal\/terms\/page_controller_addendum<\/a><\/li>\n<li><strong>LinkedIn:<\/strong> <a href=\"https:\/\/www.linkedin.com\/static?key=privacy_policy\" target=\"_blank\" rel=\"noopener\">linkedin.com\/static?key=privacy_policy<\/a> and <a href=\"https:\/\/legal.linkedin.com\/pages-joint-controller-addendum\" target=\"_blank\" rel=\"noopener\">legal.linkedin.com\/pages-joint-controller-addendum<\/a><\/li>\n<li><strong>XING:<\/strong> <a href=\"https:\/\/privacy.xing.com\/\" target=\"_blank\" rel=\"noopener\">privacy.xing.com\/<\/a><\/li>\n<li><strong>Vimeo:<\/strong> <a href=\"https:\/\/vimeo.com\/privacy\" target=\"_blank\" rel=\"noopener\">vimeo.com\/privacy<\/a><\/li>\n<\/ul>\n<p><b><span data-contrast=\"auto\">Your user rights<\/span><\/b><span data-ccp-props=\"{&quot;201341983&quot;:0,&quot;335559739&quot;:200,&quot;335559740&quot;:300}\">&nbsp;<\/span><\/p>\n<p><span data-contrast=\"auto\">As a&nbsp;website user, you have the oppor\u00adtu\u00adnity to assert the follo\u00adwing rights both towards the provider of the social media platform and ourselves, provided that the appli\u00adcable requi\u00adre\u00adments are met:<\/span><span data-ccp-props=\"{&quot;201341983&quot;:0,&quot;335559739&quot;:200,&quot;335559740&quot;:300}\">&nbsp;<\/span><\/p>\n<p><strong>1.&nbsp; I<span class=\"TextRun Highlight SCXW42439466 BCX2\" lang=\"EN-GB\" xml:lang=\"EN-GB\" data-contrast=\"auto\"><span class=\"NormalTextRun SCXW42439466 BCX2\">nforma\u00adtion rights (art. 15 German Data Protec\u00adtion Regula\u00adtion) (DSGVO).<\/span><\/span><br>\n<\/strong><\/p>\n<p><span data-contrast=\"auto\">You have the right to request confir\u00adma\u00adtion as to whether personal data relating to you is processed; if this is the case, you have a&nbsp;right to infor\u00adma\u00adtion about this personal data and to the infor\u00adma\u00adtion listed in detail in Art. 15 German Data Protec\u00adtion Regula\u00adtion (DSGVO).<\/span><span data-ccp-props=\"{&quot;201341983&quot;:0,&quot;335559739&quot;:200,&quot;335559740&quot;:300}\">&nbsp;<\/span><\/p>\n<p><strong>2.&nbsp; <span class=\"TextRun Highlight SCXW193716058 BCX2\" lang=\"EN-GB\" xml:lang=\"EN-GB\" data-contrast=\"auto\"><span class=\"NormalTextRun SCXW193716058 BCX2\">Right to recti\u00adfi\u00adca\u00adtion and deletion (art<\/span><span class=\"NormalTextRun SCXW193716058 BCX2\">. <\/span><span class=\"NormalTextRun SCXW193716058 BCX2\">16 and 17 German Data Protec\u00adtion Regula\u00adtion) (DSGVO)<\/span><\/span><span class=\"TextRun Highlight SCXW193716058 BCX2\" lang=\"EN-GB\" xml:lang=\"EN-GB\" data-contrast=\"auto\"><span class=\"NormalTextRun SCXW193716058 BCX2\">.<\/span><\/span><br>\n<\/strong><\/p>\n<p><span data-contrast=\"auto\">You have the right to request without undue delay the recti\u00adfi\u00adca\u00adtion of any inaccu\u00adrate personal data concer\u00adning you and, where appli\u00adcable, the comple\u00adtion of any incom\u00adplete personal data. Further\u00admore, you have the right to request that personal data concer\u00adning you be deleted without undue delay, provided that one of the reasons, speci\u00adfied in detail in article 17 of the German Data Protec\u00adtion Regula\u00adtion (DSGVO) applies, e.g. if the data is no longer required for the purposes pursued.<\/span><span data-ccp-props=\"{&quot;201341983&quot;:0,&quot;335559739&quot;:200,&quot;335559740&quot;:300}\">&nbsp;<\/span><\/p>\n<p><strong>3.&nbsp; <span class=\"TextRun Highlight SCXW91308845 BCX2\" lang=\"EN-GB\" xml:lang=\"EN-GB\" data-contrast=\"auto\"><span class=\"NormalTextRun SCXW91308845 BCX2\">Right to restric\u00adtion of proces\u00adsing (art. 18 of the German Data Protec\u00adtion Regula\u00adtion) (DSGVO).<\/span><\/span><br>\n<\/strong><\/p>\n<p><span data-contrast=\"auto\">You have the right to request the restric\u00adtion of proces\u00adsing if one of the condi\u00adtions listed in art. 18 of the German Data Protec\u00adtion Regula\u00adtion applies, for example if you have objected to the proces\u00adsing, for the duration of any verifi\u00adca\u00adtion.<\/span><span data-ccp-props=\"{&quot;201341983&quot;:0,&quot;335559739&quot;:200,&quot;335559740&quot;:300}\">&nbsp;<\/span><\/p>\n<p><strong>4.&nbsp; <span class=\"TextRun Highlight SCXW228154885 BCX2\" lang=\"EN-GB\" xml:lang=\"EN-GB\" data-contrast=\"auto\"><span class=\"NormalTextRun SCXW228154885 BCX2\">Right to data porta\u00adbi\u00adlity (<\/span><span class=\"NormalTextRun SCXW228154885 BCX2\">a<\/span><span class=\"NormalTextRun SCXW228154885 BCX2\">rt. 20 of the German Data Protec\u00adtion Regula\u00adtion) (DSGVO).<\/span><\/span><br>\n<\/strong><\/p>\n<p><span data-contrast=\"auto\">In certain cases, which are listed in detail in art. 20 of the German Data Protec\u00adtion Regula\u00adtion (DSGVO), you have the right to receive the personal data relating to you in a&nbsp;struc\u00adtured, common and machine-readable format or to request the transfer of this data to a&nbsp;third party.<\/span><span data-ccp-props=\"{&quot;201341983&quot;:0,&quot;335559739&quot;:200,&quot;335559740&quot;:300}\"><br>\n<\/span><\/p>\n<p><strong>5.&nbsp; <span class=\"TextRun Highlight SCXW117896431 BCX2\" lang=\"EN-GB\" xml:lang=\"EN-GB\" data-contrast=\"auto\"><span class=\"NormalTextRun SCXW117896431 BCX2\">Right of objec\u00adtion (art. 21 of the German Data Protec\u00adtion Regula\u00adtion (DSGVO))<\/span><\/span><br>\n<\/strong><\/p>\n<p><span data-contrast=\"auto\">If data is processed based on our legiti\u00admate interest pursuant to art. 6 (1) p. 1 (f) German Data&nbsp;&nbsp;&nbsp;&nbsp;&nbsp;&nbsp;&nbsp; Protec\u00adtion Regula\u00adtion (DSGVO), you have the right to object to the proces\u00adsing at any time for reasons arising from your parti\u00adcular situa\u00adtion. We will then no longer process the personal data unless there are demons\u00adtrably compel\u00adling legiti\u00admate grounds for the proces\u00adsing which override your interests, rights and freedoms, or the proces\u00adsing serves to assert, exercise or defend legal claims.<\/span><span data-ccp-props=\"{&quot;201341983&quot;:0,&quot;335559739&quot;:200,&quot;335559740&quot;:300}\">&nbsp;<\/span><\/p>\n<p><span data-contrast=\"auto\">If the data is processed based on lawful interest for the purpose of direct adver\u00adti\u00adsing, you have your own right of objec\u00adtion, which you can assert at any time without giving reasons and which will lead to the discon\u00adti\u00adnua\u00adtion of your data being processed for the purpose of direct adver\u00adti\u00adsing.<\/span><span data-ccp-props=\"{&quot;201341983&quot;:0,&quot;335559739&quot;:200,&quot;335559740&quot;:300}\">&nbsp;<\/span><\/p>\n<p><strong>6.&nbsp; <span class=\"TextRun Highlight SCXW240173540 BCX2\" lang=\"EN-GB\" xml:lang=\"EN-GB\" data-contrast=\"auto\"><span class=\"NormalTextRun SCXW240173540 BCX2\">Right of complaint to a&nbsp;super\u00advi\u00adsory authority<\/span><\/span><br>\n<\/strong><\/p>\n<p><span data-contrast=\"auto\">Pursuant to art. 77 of the German Data Protec\u00adtion Regula\u00adtion (DSGVO), you have the right to lodge a&nbsp;complaint with a&nbsp;super\u00advi\u00adsory autho\u00adrity if you are of the opinion that the proces\u00adsing of data relating to you violates data protec\u00adtion provi\u00adsions. The right of complaint can be asserted in this regard in parti\u00adcular with a&nbsp;super\u00advi\u00adsory autho\u00adrity in the member state of your place of residence, your place of work or the place of the alleged infrin\u00adge\u00adment<\/span><b><span data-contrast=\"auto\">.<\/span><\/b><span data-ccp-props=\"{&quot;201341983&quot;:0,&quot;335559739&quot;:200,&quot;335559740&quot;:300}\">&nbsp;<\/span><\/p>\n<p><b><span data-contrast=\"auto\">Contact details of our data protec\u00adtion officer<\/span><\/b><span data-ccp-props=\"{&quot;201341983&quot;:0,&quot;335559739&quot;:200,&quot;335559740&quot;:300}\">&nbsp;<\/span><\/p>\n<p><span data-contrast=\"auto\">You may contact our external data protec\u00adtion officer for infor\u00adma\u00adtion on the subject of data protec\u00adtion using the follo\u00adwing contact details:<\/span><span data-ccp-props=\"{&quot;201341983&quot;:0,&quot;335559739&quot;:200,&quot;335559740&quot;:300}\">&nbsp;<\/span><\/p>\n<p>Jennifer J\u00e4hn-Nguyen<br>\ndaten\u00adschutz nord&nbsp;GmbH<br>\nSechs\u00adlings\u00adpforte 2<br>\n22087 Hamburg<br>\nTel.: 040 59 36 160 \u2013&nbsp;400<br>\nFax: 040 59 36 160 \u2013&nbsp;411<br>\nE-Mail:&nbsp;<a href=\"mailto:office@datenschutz-nord.de\">office@datenschutz-nord.de<\/a><br>\nWeb:&nbsp;<a href=\"https:\/\/www.dsn-group.de\/\" target=\"_blank\" rel=\"noopener\">dsn-group.de\/<\/a><\/p>\n<p><span data-contrast=\"auto\">When contac\u00adting our data protec\u00adtion officer, please also state the respon\u00adsible office named in the imprint.<\/span><span data-ccp-props=\"{&quot;201341983&quot;:0,&quot;335559739&quot;:200,&quot;335559740&quot;:300}\">&nbsp;<\/span>[\/vc_column_text][\/vc_column][vc_column width=\u201e1\/6\u201c][\/vc_column][\/vc_row][vc_row padding_top_multiplier=\u201c\u201c padding_bottom_multiplier=\u201e3x\u201c disable_element=\u201eyes\u201c columns_gap=\u201e60\u201c][vc_column width=\u201e1\/6\u201c vertical_content_position=\u201emiddle\u201c][\/vc_column][vc_column width=\u201e2\/3\u201c]<\/p><h2 class=\"grve-element grve-title grve-align-inherit grve-h2\"><span><strong>Daten\u00adschutz<\/strong><\/span><\/h2>[vc_column_text]\n<h3 class=\"grve-element grve-title grve-align-left grve-h5\">1. Daten\u00adschutz\u00ader\u00adkl\u00e4\u00adrung<\/h3>\n<p>Wir freuen uns \u00fcber Ihren Besuch auf unseren Webseiten. Nachfol\u00adgend m\u00f6chten wir Sie \u00fcber den Umgang mit Ihren Daten gem. Art. 13 Daten\u00adschutz\u00adgrund\u00adver\u00adord\u00adnung (DSGVO) informieren.<\/p>\n<p><strong>Verant\u00adwort\u00adli\u00adcher<br>\n<\/strong>Verant\u00adwort\u00adlich f\u00fcr die nachfol\u00adgend darge\u00adstellte Daten\u00ader\u00adhe\u00adbung und -verar\u00adbei\u00adtung ist die im genannte Stelle.<\/p>\n<p><strong>Kontakt\u00addaten des Datenschutzbeauftragten<br>\n<\/strong>Unser externer Daten\u00adschutz\u00adbe\u00adauf\u00adtragter steht Ihnen gerne f\u00fcr Ausk\u00fcnfte zum Thema Daten\u00adschutz unter folgenden Kontakt\u00addaten zur Verf\u00fcgung:<\/p>\n<p>Daten\u00adschutz nord&nbsp;GmbH<br>\nKonsul-Smidt-Stra\u00dfe 88<br>\n28217 Bremen<br>\nWeb: <a href=\"http:\/\/www.datenschutz-nord-gruppe.de\">www.datenschutz-nord-gruppe.de<\/a><br>\nE-Mail: <a href=\"mailto:office@datenschutz-nord.de\">office@datenschutz-nord.de<\/a><\/p>\n<p>Wenn Sie sich an unseren Daten\u00adschutz\u00adbe\u00adauf\u00adtragten wenden, geben Sie hierbei bitte auch die verant\u00adwort\u00adliche Stelle an, die im <a href=\"https:\/\/hamburgteam.de\/impressum\/\">Impressum<\/a> genannt wird.<\/p>\n<p><strong>Nutzungs\u00addaten<br>\n<\/strong>Wenn Sie unsere Webseite besuchen, werden auf unserem Webserver tempor\u00e4r sogenannte Nutzungs\u00addaten zu statis\u00adti\u00adschen Zwecken als Proto\u00adkoll gespei\u00adchert, um die Qualit\u00e4t unserer Webseiten zu verbes\u00adsern. Dieser Daten\u00adsatz besteht aus<\/p>\n<ul>\n<li>der Seite, von der aus die Datei angefor\u00addert&nbsp;wurde,<\/li>\n<li>dem Namen der&nbsp;Datei,<\/li>\n<li>dem Datum und der Uhrzeit der Abfrage,<\/li>\n<li>der \u00fcbertra\u00adgenen Datenmenge,<\/li>\n<li>dem Zugriffs\u00adstatus (Datei \u00fcbertragen, Datei nicht gefunden),<\/li>\n<li>der Beschrei\u00adbung des Typs des verwen\u00addeten Webbrowsers,<\/li>\n<li>der IP-Adresse des anfra\u00adgenden Rechners, die so verk\u00fcrzt wird, dass ein Perso\u00adnen\u00adbezug nicht mehr herstellbar ist.<\/li>\n<\/ul>\n<p>Die genannten Proto\u00adkoll\u00addaten werden nur anony\u00admi\u00adsiert gespeichert.[\/vc_column_text][\/vc_column][vc_column width=\u201e1\/6\u201c][\/vc_column][\/vc_row][vc_row padding_top_multiplier=\u201c\u201c padding_bottom_multiplier=\u201e3x\u201c disable_element=\u201eyes\u201c columns_gap=\u201e60\u201c][vc_column width=\u201e1\/6\u201c vertical_content_position=\u201emiddle\u201c][\/vc_column][vc_column width=\u201e2\/3\u201c][vc_column_text]<\/p>\n<h3 class=\"grve-element grve-title grve-align-left grve-h5\">2. Daten\u00ad\u00fcber\u00admitt\u00adlung an Dritte<\/h3>\n<p><strong>Daten\u00ad\u00fcber\u00admitt\u00adlung an Dienstleister<br>\n<\/strong>Wir \u00fcbermit\u00adteln Ihre Daten im Rahmen einer Auftrags\u00adver\u00adar\u00adbei\u00adtung gem. Art. 28 DSGVO an Dienst\u00adleister, die uns beim Betrieb unserer Webseiten und der damit zusam\u00admen\u00adh\u00e4n\u00adgenden Prozesse unter\u00adst\u00fctzen. Unsere Dienst\u00adleister sind uns gegen\u00ad\u00fcber streng weisungs\u00adge\u00adbunden und entspre\u00adchend vertrag\u00adlich verpflichtet. Folgende Dienst\u00adleister setzen wir ein: room meets freiland Gruppe, Hamburg\/Wien\/Oslo (Internet- und Design-Agentur), Host Europe GmbH, K\u00f6ln (Internet-Hosting), TeHa-Systems GmbH &amp;&nbsp;Co. KG, Hamburg (techni\u00adscher Internet-Support), Siggelkow &amp;&nbsp;Wucher\u00adpfennig GmbH, Uetersen (IT-Support).[\/vc_column_text][\/vc_column][vc_column width=\u201e1\/6\u201c][\/vc_column][\/vc_row][vc_row padding_top_multiplier=\u201c\u201c padding_bottom_multiplier=\u201e3x\u201c disable_element=\u201eyes\u201c columns_gap=\u201e60\u201c][vc_column width=\u201e1\/6\u201c vertical_content_position=\u201emiddle\u201c][\/vc_column][vc_column width=\u201e2\/3\u201c][vc_column_text]<\/p>\n<h3 class=\"&quot;grve-element\">3. Cookies<\/h3>\n<p>Auf unseren Webseiten nutzen wir Cookies. Cookies sind kleine Textda\u00adteien, die auf Ihrem Endger\u00e4t gespei\u00adchert und ausge\u00adlesen werden k\u00f6nnen. Man unter\u00adscheidet zwischen Session-Cookies, die wieder gel\u00f6scht werden, sobald Sie ihren Browser schlie\u00dfen und perma\u00adnenten Cookies, die \u00fcber die einzelne Sitzung hinaus gespei\u00adchert werden. Cookies k\u00f6nnen Daten enthalten, die eine Wieder\u00aderken\u00adnung des genutzten Ger\u00e4ts m\u00f6glich machen. Teilweise enthalten Cookies aber auch ledig\u00adlich Infor\u00adma\u00adtionen zu bestimmten Einstel\u00adlungen, die nicht perso\u00adnen\u00adbe\u00adziehbar sind.<\/p>\n<p>Sie k\u00f6nnen Ihren Browser so einstellen, dass er Sie \u00fcber die Platzie\u00adrung von Cookies infor\u00admiert. So wird der Gebrauch von Cookies f\u00fcr Sie trans\u00adpa\u00adrent. Sie k\u00f6nnen Cookies zudem jeder\u00adzeit \u00fcber die entspre\u00adchende Browser\u00adein\u00adstel\u00adlung l\u00f6schen und das Setzen neuer Cookies verhin\u00addern. Bitte beachten Sie, dass unsere Webseiten dann ggf. nicht optimal angezeigt werden und einige Funktionen technisch nicht mehr zur Verf\u00fc\u00adgung stehen.[\/vc_column_text][\/vc_column][vc_column width=\u201e1\/6\u201c][\/vc_column][\/vc_row][vc_row padding_top_multiplier=\u201c\u201c padding_bottom_multiplier=\u201e3x\u201c disable_element=\u201eyes\u201c columns_gap=\u201e60\u201c][vc_column width=\u201e1\/6\u201c vertical_content_position=\u201emiddle\u201c][\/vc_column][vc_column width=\u201e2\/3\u201c][vc_column_text]<\/p>\n<h3 class=\"grve-element grve-title grve-align-left grve-h5\">4. Erfor\u00adder\u00adliche Cookies<\/h3>\n<p>Auf unseren Webseiten setzen wir Cookies ein, die zur Nutzung unseren Webseiten erfor\u00adder\u00adlich&nbsp;sind.<\/p>\n<p>Wir nutzen diese erfor\u00adder\u00adli\u00adchen Cookies nicht f\u00fcr Analyse-, Tracking- oder Werbezwecke.<\/p>\n<p>Teilweise enthalten diese Cookies ledig\u00adlich Infor\u00adma\u00adtionen zu bestimmten Einstel\u00adlungen und sind nicht perso\u00adnen\u00adbe\u00adziehbar. Sie k\u00f6nnen auch notwendig sein, um die Benut\u00adzer\u00adf\u00fch\u00adrung, Sicher\u00adheit und Umset\u00adzung der Seite zu erm\u00f6glichen.<\/p>\n<p>Wir nutzen diese Cookies auf Grund\u00adlage von Art. 6&nbsp;Abs. 1&nbsp;S. 1&nbsp;lit. f&nbsp;DSGVO.[\/vc_column_text][\/vc_column][vc_column width=\u201e1\/6\u201c][\/vc_column][\/vc_row][vc_row padding_top_multiplier=\u201c\u201c padding_bottom_multiplier=\u201e3x\u201c disable_element=\u201eyes\u201c columns_gap=\u201e60\u201c][vc_column width=\u201e1\/6\u201c vertical_content_position=\u201emiddle\u201c][\/vc_column][vc_column width=\u201e2\/3\u201c][vc_column_text]<\/p>\n<h3 class=\"grve-element grve-title grve-align-left grve-h5\">5. Track\u00ading\u00adtools <span style=\"color: #ac1a2f;\">(RAUS?)<\/span><\/h3>\n<p>Zur bedarfs\u00adge\u00adrechten Gestal\u00adtung unserer Webseiten verwenden wir das Webana\u00adly\u00adse\u00adtool \u201eGoogle Analy\u00adtics\u201c. Google Analy\u00adtics erstellt Nutzungs\u00adpro\u00adfile auf Grund\u00adlage von Pseud\u00adonymen. Hierzu werden perma\u00adnente Cookies auf Ihrem Endger\u00e4t gespei\u00adchert und von uns ausge\u00adlesen. Auf diese Weise sind wir in der Lage, wieder\u00adkeh\u00adrende Besucher zu erkennen und als solche zu z\u00e4hlen.<\/p>\n<p>Im Rahmen von Google Analy\u00adtics unter\u00adst\u00fctzen uns Google Ireland Limited und Google LLC. (USA) als Auftrags\u00adver\u00adar\u00adbeiter nach Art. 28 DSGVO. Die Daten\u00adver\u00adar\u00adbei\u00adtung kann daher auch au\u00dfer\u00adhalb der EU bzw. des EWR statt\u00adfinden. Im Hinblick auf Google LLC kann aufgrund der Verar\u00adbei\u00adtung in den USA kein angemes\u00adsenes Daten\u00adschutz\u00adni\u00adveau angenommen werden. Es besteht das Risiko, dass Beh\u00f6rden auf die Daten zu Sicher\u00adheits- und \u00dcberwa\u00adchungs\u00adzwe\u00adcken zugreifen, ohne dass Sie hier\u00fcber infor\u00admiert werden oder Rechts\u00admittel einlegen k\u00f6nnen. Bitte beachten Sie dies, wenn Sie sich dazu entscheiden, Ihre Einwil\u00adli\u00adgung in unsere Nutzung von Google Analy\u00adtics abzugeben.<\/p>\n<p>Die Daten\u00adver\u00adar\u00adbei\u00adtung erfolgt auf Grund\u00adlage Ihrer Einwil\u00adli\u00adgung gem. Art. 6&nbsp;Abs. 1&nbsp;S. 1&nbsp;lit. a&nbsp;DSGVO, sofern Sie Ihre Einwil\u00adli\u00adgung \u00fcber unser abgegeben haben. Sofern die Daten in diesem Rahmen au\u00dfer\u00adhalb der EU bzw. des EWR verar\u00adbeitet werden, beachten Sie bitte, dass das Risiko besteht, dass Beh\u00f6rden auf die Daten zu Sicher\u00adheits- und \u00dcberwa\u00adchungs\u00adzwe\u00adcken zugreifen, ohne dass Sie hier\u00fcber infor\u00admiert werden oder Rechts\u00admittel einlegen k\u00f6nnen. Sofern wir Anbieter in unsicheren Dritt\u00adl\u00e4n\u00addern einsetzen und Sie einwil\u00adligen, erfolgt die \u00dcbermitt\u00adlung in ein Dritt\u00adland auf Grund\u00adlage von Art. 49 Abs. 1&nbsp;lit. a&nbsp;DSGVO.<\/p>\n<p>Sie k\u00f6nnen Ihre Einwil\u00adli\u00adgung jeder\u00adzeit von der Cookie-Erkl\u00e4\u00adrung auf unserer Webseite \u00e4ndern oder widerrufen.[\/vc_column_text][\/vc_column][vc_column width=\u201e1\/6\u201c][\/vc_column][\/vc_row][vc_row padding_top_multiplier=\u201c\u201c padding_bottom_multiplier=\u201e3x\u201c disable_element=\u201eyes\u201c columns_gap=\u201e60\u201c][vc_column width=\u201e1\/6\u201c vertical_content_position=\u201emiddle\u201c][\/vc_column][vc_column width=\u201e2\/3\u201c][vc_column_text]<\/p>\n<h3 class=\"grve-element grve-title grve-align-left grve-h5\">6. Google Maps<\/h3>\n<p class=\"Text\"><span style=\"color: #ac1a2f;\">Verwenden wir nicht mehr. Kann&nbsp;raus.<\/span><\/p>\n<p>[\/vc_column_text][\/vc_column][vc_column width=\u201e1\/6\u201c][\/vc_column][\/vc_row][vc_row padding_top_multiplier=\u201c\u201c padding_bottom_multiplier=\u201e3x\u201c disable_element=\u201eyes\u201c columns_gap=\u201e60\u201c][vc_column width=\u201e1\/6\u201c vertical_content_position=\u201emiddle\u201c][\/vc_column][vc_column width=\u201e2\/3\u201c][vc_column_text]<\/p>\n<h3 class=\"grve-element grve-title grve-align-left grve-h5\">7. Einge\u00adbet\u00adtete Videos<\/h3>\n<p class=\"Text\">Auf unseren Webseiten betten wir Videos ein, die nicht auf unseren Servern gespei\u00adchert sind. Damit der Aufruf unserer Webseiten mit einge\u00adbet\u00adteten Videos nicht automa\u00adtisch dazu f\u00fchrt, dass Inhalte des Dritt\u00adan\u00adbie\u00adters nachge\u00adladen werden, zeigen wir in einem ersten Schritt nur lokal abgespei\u00adcherte Vorschau\u00adbilder der Videos an. Hierdurch erh\u00e4lt der Dritt\u00adan\u00adbieter keine Informationen.<\/p>\n<p class=\"Text\">Erst nach einem Klick auf das Vorschau\u00adbild, werden Inhalte des Dritt\u00adan\u00adbie\u00adters nachge\u00adladen. Hierdurch erh\u00e4lt der Dritt\u00adan\u00adbieter die Infor\u00adma\u00adtion, dass Sie unsere Seite aufge\u00adrufen haben sowie die in diesem Rahmen technisch erfor\u00adder\u00adli\u00adchen Nutzungs\u00addaten. Wir haben auf die weitere Daten\u00adver\u00adar\u00adbei\u00adtung durch den Dritt\u00adan\u00adbieter keinen Einfluss. Mit dem Klick auf das Vorschau\u00adbild geben Sie uns die Einwil\u00adli\u00adgung, Inhalte des Dritt\u00adan\u00adbie\u00adters nachzuladen.<\/p>\n<p>Die Einbet\u00adtung der Videos erfolgt auf Grund\u00adlage Ihrer Einwil\u00adli\u00adgung gem. Art. 6&nbsp;Abs. 1&nbsp;S. 1&nbsp;lit. a&nbsp;DSGVO, sofern Sie zuvor Ihre Einwil\u00adli\u00adgung \u00fcber einen Klick auf das Vorschau\u00adbild bzw. \u00fcber das Cookie-Banner abgegeben haben. Bitte beachten Sie, dass die Einbet\u00adtung von YouTube-Videos dazu f\u00fchrt, dass Ihre Daten au\u00dfer\u00adhalb der EU bzw. des EWR verar\u00adbeitet werden. In den USA besteht dabei das Risiko, dass Beh\u00f6rden auf die Daten zu Sicher\u00adheits- und \u00dcberwa\u00adchungs\u00adzwe\u00adcken zugreifen, ohne dass Sie hier\u00fcber infor\u00admiert werden oder Rechts\u00admittel einlegen k\u00f6nnen. In der Einwil\u00adli\u00adgung in die Einbet\u00adtung der Videos ist daher auch die Einwil\u00adli\u00adgung in die \u00dcbermitt\u00adlung in ein unsicheres Dritt\u00adland auf Grund\u00adlage von Art. 49 Abs. 1&nbsp;lit. a&nbsp;DSGVO zu&nbsp;sehen.<\/p>\n<p>N\u00e4here Infor\u00adma\u00adtionen zur Daten\u00adver\u00adar\u00adbei\u00adtung durch YouTube LLC k\u00f6nnen Sie der Daten\u00adschutz\u00ader\u00adkl\u00e4\u00adrung unter <a href=\"https:\/\/policies.google.com\/privacy?hl=de&amp;gl=de\">https:\/\/policies.google.com\/privacy?hl=de&amp;gl=de<\/a> entnehmen.<\/p>\n<p><span style=\"color: #ac1a2f;\">Achtung: hier ist auf der alten Webseite eine Tabelle\u2026 Bitte pr\u00fcfen, ggfs. l\u00f6st dies das neue Cookie-Plugin<\/span>[\/vc_column_text][\/vc_column][vc_column width=\u201e1\/6\u201c][\/vc_column][\/vc_row][vc_row padding_top_multiplier=\u201c\u201c padding_bottom_multiplier=\u201e3x\u201c disable_element=\u201eyes\u201c columns_gap=\u201e60\u201c][vc_column width=\u201e1\/6\u201c vertical_content_position=\u201emiddle\u201c][\/vc_column][vc_column width=\u201e2\/3\u201c][vc_column_text]<\/p>\n<h3 class=\"grve-element grve-title grve-align-left grve-h5\">8. Erl\u00e4u\u00adte\u00adrungen und Sicherheitsma\u00dfnahmen<\/h3>\n<p>Um Ihre Daten vor unerw\u00fcnschten Zugriffen m\u00f6glichst umfas\u00adsend zu sch\u00fctzen, treffen wir techni\u00adsche und organi\u00adsa\u00adto\u00adri\u00adsche Ma\u00dfnahmen. Wir setzen auf unseren Seiten ein Verschl\u00fcs\u00adse\u00adlungs\u00adver\u00adfahren ein. Ihre Angaben werden von Ihrem Rechner zu unserem Server und umgekehrt \u00fcber das Internet mittels einer TLS-Verschl\u00fcs\u00adse\u00adlung \u00fcbertragen. Sie erkennen dies daran, dass in der Status\u00adleiste Ihres Browsers das Schloss-Symbol geschlossen ist und die Adress\u00adzeile mit https:\/\/ beginnt.[\/vc_column_text][\/vc_column][vc_column width=\u201e1\/6\u201c][\/vc_column][\/vc_row][vc_row padding_top_multiplier=\u201c\u201c padding_bottom_multiplier=\u201e3x\u201c disable_element=\u201eyes\u201c columns_gap=\u201e60\u201c][vc_column width=\u201e1\/6\u201c vertical_content_position=\u201emiddle\u201c][\/vc_column][vc_column width=\u201e2\/3\u201c][vc_column_text]<\/p>\n<h3 class=\"grve-element grve-title grve-align-left grve-h5\">9. Rechte des Nutzers<\/h3>\n<p>Bei Verar\u00adbei\u00adtung Ihrer perso\u00adnen\u00adbe\u00adzo\u00adgenen Daten gew\u00e4hrt die DSGVO Ihnen als Websei\u00adten\u00adnutzer bestimmte Rechte:<\/p>\n<p>1.Auskunftsrecht (Art. 15&nbsp;DSGVO):<br>\nSie haben das Recht eine Best\u00e4\u00adti\u00adgung dar\u00fcber zu verlangen, ob sie betref\u00adfende perso\u00adnen\u00adbe\u00adzo\u00adgene Daten verar\u00adbeitet werden; ist dies der Fall, so haben Sie ein Recht auf Auskunft \u00fcber diese perso\u00adnen\u00adbe\u00adzo\u00adgenen Daten und auf die in Art. 15 DSGVO im einzelnen aufge\u00adf\u00fchrten Informationen.<\/p>\n<p>2.Recht auf Berich\u00adti\u00adgung und L\u00f6schung (Art. 16 und 17&nbsp;DSGVO):<br>\nSie haben das Recht, unver\u00adz\u00fcg\u00adlich die Berich\u00adti\u00adgung sie betref\u00adfender unrich\u00adtiger perso\u00adnen\u00adbe\u00adzo\u00adgener Daten und ggf. die Vervoll\u00adst\u00e4n\u00addi\u00adgung unvoll\u00adst\u00e4n\u00addiger perso\u00adnen\u00adbe\u00adzo\u00adgener Daten zu verlangen.<\/p>\n<p>Sie haben zudem das Recht, zu verlangen, dass sie betref\u00adfende perso\u00adnen\u00adbe\u00adzo\u00adgene Daten unver\u00adz\u00fcg\u00adlich gel\u00f6scht werden, sofern einer der in Art. 17 DSGVO im einzelnen aufge\u00adf\u00fchrten Gr\u00fcnde zutrifft, z. B. wenn die Daten f\u00fcr die verfolgten Zwecke nicht mehr ben\u00f6tigt werden.<\/p>\n<p>3.Recht auf Einschr\u00e4n\u00adkung der Verar\u00adbei\u00adtung (Art. 18&nbsp;DSGVO):<br>\nSie haben das Recht, die Einschr\u00e4n\u00adkung der Verar\u00adbei\u00adtung zu verlangen, wenn eine der in Art. 18 DSGVO aufge\u00adf\u00fchrten Voraus\u00adset\u00adzungen gegeben ist, z. B. wenn Sie Wider\u00adspruch gegen die Verar\u00adbei\u00adtung einge\u00adlegt haben, f\u00fcr die Dauer einer etwaigen Pr\u00fcfung.<\/p>\n<p>4.Recht auf Daten\u00ad\u00fcber\u00adtrag\u00adbar\u00adkeit (Art. 20&nbsp;DSGVO):<br>\nIn bestimmten F\u00e4llen, die in Art. 20 DSGVO im Einzelnen aufge\u00adf\u00fchrt werden, haben Sie das Recht, die sie betref\u00adfenden perso\u00adnen\u00adbe\u00adzo\u00adgenen Daten in einem struk\u00adtu\u00adrierten, g\u00e4ngigen und maschi\u00adnen\u00adles\u00adbaren Format zu erhalten bzw. die \u00dcbermitt\u00adlung dieser Daten an einen Dritten zu verlangen.<\/p>\n<p><strong>5.Widerspruchsrecht (Art. 21&nbsp;DSGVO):<\/strong><br>\n<strong>Werden Daten auf Grund\u00adlage von Art. 6&nbsp;Abs. 1&nbsp;S. 1&nbsp;lit. f&nbsp;erhoben (Daten\u00adver\u00adar\u00adbei\u00adtung zur Wahrung berech\u00adtigter Inter\u00adessen), steht Ihnen das Recht zu, aus Gr\u00fcnden, die sich aus Ihrer beson\u00adderen Situa\u00adtion ergeben, jeder\u00adzeit gegen die Verar\u00adbei\u00adtung Wider\u00adspruch einzu\u00adlegen. Wir verar\u00adbeiten die perso\u00adnen\u00adbe\u00adzo\u00adgenen Daten dann nicht mehr, es sei denn, es liegen nachweisbar zwingende schutz\u00adw\u00fcr\u00addige Gr\u00fcnde f\u00fcr die Verar\u00adbei\u00adtung vor, die die Inter\u00adessen, Rechte und Freiheiten der betrof\u00adfenen Person \u00fcberwiegen, oder die Verar\u00adbei\u00adtung dient der Geltend\u00adma\u00adchung, Aus\u00fcbung oder Vertei\u00addi\u00adgung von Rechtsanspr\u00fcchen.<\/strong><\/p>\n<p>6.Beschwerderecht bei einer Aufsichtsbeh\u00f6rde<br>\nSie haben gem. Art. 77 DSGVO das Recht auf Beschwerde bei einer Aufsichts\u00adbe\u00adh\u00f6rde, wenn Sie der Ansicht sind, dass die Verar\u00adbei\u00adtung der Sie betref\u00adfenden Daten gegen daten\u00adschutz\u00adrecht\u00adliche Bestim\u00admungen verst\u00f6\u00dft. Das Beschwer\u00adde\u00adrecht kann insbe\u00adson\u00addere bei einer Aufsichts\u00adbe\u00adh\u00f6rde in dem Mitglied\u00adstaat Ihres Aufent\u00adhalts\u00adorts, Ihres Arbeits\u00adplatzes oder des Orts des mutma\u00df\u00adli\u00adchen Versto\u00dfes geltend gemacht werden.[\/vc_column_text][\/vc_column][vc_column width=\u201e1\/6\u201c][\/vc_column][\/vc_row][vc_row padding_top_multiplier=\u201c\u201c padding_bottom_multiplier=\u201e3x\u201c disable_element=\u201eyes\u201c columns_gap=\u201e60\u201c][vc_column width=\u201e1\/6\u201c vertical_content_position=\u201emiddle\u201c][\/vc_column][vc_column width=\u201e2\/3\u201c][vc_column_text]<\/p>\n<h3 class=\"grve-element grve-title grve-align-left grve-h5\">10. Kontakt\u00adfor\u00admu\u00adlare<\/h3>\n<p>Sie haben die M\u00f6glich\u00adkeit, mit uns \u00fcber Webfor\u00admu\u00adlare in Kontakt zu treten. Zur Nutzung unseres Kontakt\u00adfor\u00admu\u00adlars ben\u00f6tigen wir Ihre E-Mail-Adresse, Ihren Namen und Ihr Anliegen.<\/p>\n<p>Wir verwenden diese Daten auf Grund\u00adlage von Art. 6&nbsp;Abs. 1&nbsp;S. 1&nbsp;lit. f&nbsp;DSGVO, um Ihre Anfrage zu beantworten.<\/p>\n<p>Dar\u00fcber hinaus k\u00f6nnen Sie selbst entscheiden, ob Sie uns weitere Angaben mitteilen m\u00f6chten. Diese Angaben erfolgen freiwillig und sind f\u00fcr die Kontakt\u00adauf\u00adnahme nicht zwingend erfor\u00adder\u00adlich. Ihre freiwil\u00adligen Angaben verar\u00adbeiten wir auf Grund\u00adlage Ihrer Einwil\u00adli\u00adgung nach Art. 6&nbsp;Abs. 1&nbsp;S. 1&nbsp;lit. a&nbsp;DSGVO.<\/p>\n<p>Ihre Daten werden nur zur Beant\u00adwor\u00adtung Ihrer Anfrage verar\u00adbeitet. Wir l\u00f6schen Ihre Daten, sofern diese nicht mehr erfor\u00adder\u00adlich sind und keine gesetz\u00adli\u00adchen Aufbe\u00adwah\u00adrungs\u00adpflichten entgegenstehen.<\/p>\n<p>Soweit Ihre, per Kontakt\u00adfor\u00admular \u00fcbermit\u00adtelten Daten, auf Grund\u00adlage von Art. 6&nbsp;Abs. 1&nbsp;S. 1&nbsp;lit. f&nbsp;DSGVO verar\u00adbeitet werden, k\u00f6nnen Sie der Verar\u00adbei\u00adtung jeder\u00adzeit wider\u00adspre\u00adchen. Zudem k\u00f6nnen Sie ihre Einwil\u00adli\u00adgung in die Verar\u00adbei\u00adtung der freiwil\u00adligen Angaben jeder\u00adzeit wider\u00adrufen. Wenden Sie sich hierf\u00fcr bitte an die im Impressum genannte E-Mail-Adresse.<\/p>\n<p><strong>Anfrage per E-Mail, Telefon oder Telefax<\/strong><\/p>\n<p>Wenn Sie uns per E-Mail, Telefon oder Telefax kontak\u00adtieren, wird Ihre Anfrage inklu\u00adsive aller daraus hervor\u00adge\u00adhenden perso\u00adnen\u00adbe\u00adzo\u00adgenen Daten (Name, Anfrage) zum Zwecke der Bearbei\u00adtung Ihres Anlie\u00adgens bei uns gespei\u00adchert und verar\u00adbeitet. Diese Daten geben wir nicht ohne Ihre Einwil\u00adli\u00adgung weiter.<\/p>\n<p>Die Verar\u00adbei\u00adtung dieser Daten erfolgt auf Grund\u00adlage von Art. 6&nbsp;Abs. 1&nbsp;lit. b&nbsp;DSGVO, sofern Ihre Anfrage mit der Erf\u00fcl\u00adlung eines Vertrags zusam\u00admen\u00adh\u00e4ngt oder zur Durch\u00adf\u00fch\u00adrung vorver\u00adtrag\u00adli\u00adcher Ma\u00dfnahmen erfor\u00adder\u00adlich ist. In allen \u00fcbrigen F\u00e4llen beruht die Verar\u00adbei\u00adtung auf Ihrer Einwil\u00adli\u00adgung (Art. 6&nbsp;Abs. 1&nbsp;lit. a&nbsp;DSGVO) und \/ oder auf unseren berech\u00adtigten Inter\u00adessen (Art. 6&nbsp;Abs. 1&nbsp;lit. f&nbsp;DSGVO), da wir ein berech\u00adtigtes Inter\u00adesse an der effek\u00adtiven Bearbei\u00adtung der an uns gerich\u00adteten Anfragen haben.<\/p>\n<p>Die von Ihnen an uns per E-Mail \u00fcbersandten Daten verbleiben bei uns, bis Sie uns zur L\u00f6schung auffor\u00addern, Ihre Einwil\u00adli\u00adgung zur Speiche\u00adrung wider\u00adrufen oder der Zweck f\u00fcr die Daten\u00adspei\u00adche\u00adrung entf\u00e4llt (z. B. nach abgeschlos\u00adsener Bearbei\u00adtung Ihres Anlie\u00adgens). Zwingende gesetz\u00adliche Bestim\u00admungen \u2013 insbe\u00adson\u00addere gesetz\u00adliche Aufbe\u00adwah\u00adrungs\u00adfristen \u2013 bleiben unber\u00fchrt.[\/vc_column_text][\/vc_column][vc_column width=\u201e1\/6\u201c][\/vc_column][\/vc_row][vc_row padding_top_multiplier=\u201c\u201c padding_bottom_multiplier=\u201e3x\u201c disable_element=\u201eyes\u201c columns_gap=\u201e60\u201c][vc_column width=\u201e1\/6\u201c vertical_content_position=\u201emiddle\u201c][\/vc_column][vc_column width=\u201e2\/3\u201c][vc_column_text]<\/p>\n<h3 class=\"grve-element grve-title grve-align-left grve-h5\">11. Bewer\u00adbung<\/h3>\n<p>Sie haben die M\u00f6glich\u00adkeit, sich auf die von uns ausge\u00adschrie\u00adbenen Stellen \u00fcber unser Kontakt\u00adfor\u00admular und \u00fcber die angege\u00adbene E-Mail- oder Post-Adresse zu bewerben.<\/p>\n<p>Um Ihre Bewer\u00adbung ber\u00fcck\u00adsich\u00adtigen zu k\u00f6nnen sind mindes\u00adtens folgende Angaben erforderlich:<\/p>\n<ul>\n<li>Name und Anschrift<\/li>\n<li>E-Mail-Adresse<\/li>\n<li>Anschreiben<\/li>\n<li>Lebens\u00adlauf<\/li>\n<li>Zeugnisse und Qualifikationen<\/li>\n<\/ul>\n<p>Wir verar\u00adbeiten Ihre Daten dabei ausschlie\u00df\u00adlich f\u00fcr den Zweck der Bewer\u00adber\u00adaus\u00adwahl nach \u00a7 26 Abs. 1&nbsp;BDSG. Eine Daten\u00adver\u00adar\u00adbei\u00adtung zu anderen Zwecken erfolgt nicht.<\/p>\n<p>Dar\u00fcber hinaus k\u00f6nnen Sie selbst entscheiden, ob Sie uns weitere Angaben, wie z.B. Ihre Telefon\u00adnummer, Ihre Freizeit\u00adin\u00adter\u00adessen, ein Bild, etc. zur besseren Beurtei\u00adlung Ihrer Bewer\u00adbung bzw. zur verein\u00adfachten Kommu\u00adni\u00adka\u00adtion zur Verf\u00fc\u00adgung stellen m\u00f6chten. Diese Angaben erfolgen freiwillig und sind f\u00fcr die Bewer\u00adbung nicht zwingend erfor\u00adder\u00adlich. Sofern Sie in Ihre Bewer\u00adbung freiwil\u00adlige Angaben aufnehmen erkl\u00e4ren Sie Ihr Einver\u00adst\u00e4ndnis, dass wir diese Daten ausschlie\u00df\u00adlich zum Zweck der Bewer\u00adber\u00adaus\u00adwahl verar\u00adbeiten. Ihre Einwil\u00adli\u00adgung k\u00f6nnen Sie jeder\u00adzeit mit Wirkung f\u00fcr die Zukunft wider\u00adrufen. Bitte wenden Sie Ihren Widerruf an die im Impressum genannte Stelle.<\/p>\n<p>Ihre Angaben werden streng vertrau\u00adlich behan\u00addelt. Bei erfolg\u00adloser Bewer\u00adbung werden Ihre Unter\u00adlagen sp\u00e4tes\u00adtens sechs Monate nach Versenden der Ableh\u00adnungs\u00admit\u00adtei\u00adlung gel\u00f6scht. Die Rechts\u00adgrund\u00adlage dieser Verar\u00adbei\u00adtung ist Art. 6&nbsp;Abs. 1&nbsp;S. 1&nbsp;lit. f&nbsp;DSGVO in dem berech\u00adtigten Inter\u00adesse etwaige Rechts\u00adan\u00adspr\u00fcche abzuwehren.<\/p>\n<p>F\u00fcr den Fall, dass Ihre Bewer\u00adbung auch bei anderen oder zuk\u00fcnf\u00adtigen Stellen\u00adaus\u00adschrei\u00adbungen ber\u00fcck\u00adsich\u00adtigt werden soll, erfolgt dies nur auf Grund\u00adlage Ihrer Einwil\u00adli\u00adgung. Wir verar\u00adbeiten Ihre Daten dann auf Grund\u00adlage von Art. 6&nbsp;Abs. 1&nbsp;S. 1&nbsp;lit. a&nbsp;DSGVO und l\u00f6schen Ihre Bewer\u00adbung nach zwei Jahren. Ihre Einwil\u00adli\u00adgung k\u00f6nnen Sie jeder\u00adzeit mit Wirkung f\u00fcr die Zukunft wider\u00adrufen. Bitte senden Sie Ihren Widerruf an die im Impressum genannte Stelle.<br>\n[\/vc_column_text][\/vc_column][vc_column width=\u201e1\/6\u201c][\/vc_column][\/vc_row][vc_row padding_top_multiplier=\u201c\u201c padding_bottom_multiplier=\u201e3x\u201c disable_element=\u201eyes\u201c columns_gap=\u201e60\u201c][vc_column width=\u201e1\/6\u201c vertical_content_position=\u201emiddle\u201c][\/vc_column][vc_column width=\u201e2\/3\u201c][vc_column_text]<\/p>\n<h3 class=\"grve-element grve-title grve-align-left grve-h5\">12. Captcha<\/h3>\n<p>Um unsere Webfor\u00admu\u00adlare vor automa\u00adti\u00adsierten Anfragen zu sch\u00fctzen, verwenden ein sog. Captcha eines Dritt\u00adan\u00adbie\u00adters. Im Rahmen der Captcha-Funktion werden Sie u.U. gebeten, Aufgaben zu l\u00f6sen oder Check\u00adboxen anzukli\u00adcken. Die in diesem Rahmen gemachten Nutzer\u00adein\u00adgaben und ggf. auch die Mausbe\u00adwe\u00adgungen werden genutzt, um abzusch\u00e4tzen, ob die Eingaben von einem Menschen oder einem automa\u00adti\u00adsierten Programm stammen.<\/p>\n<p>Da die Funktion durch einen Dritt\u00adan\u00adbieter bereit\u00adge\u00adstellt wird, f\u00fchrt die Anzeige des Captchas dazu, dass Inhalte des Dritt\u00adan\u00adbie\u00adters nachge\u00adladen werden. Hierdurch erh\u00e4lt der Dritt\u00adan\u00adbieter die Infor\u00adma\u00adtion, dass Sie unsere Seite aufge\u00adrufen haben sowie die in diesem Rahmen technisch erfor\u00adder\u00adli\u00adchen Nutzungs\u00addaten. Wir haben auf die weitere Daten\u00adver\u00adar\u00adbei\u00adtung durch den Dritt\u00adan\u00adbieter grund\u00ads\u00e4tz\u00adlich keinen Einfluss.<\/p>\n<p>Die Daten\u00adver\u00adar\u00adbei\u00adtung erfolgt auf Grund\u00adlage Ihrer Einwil\u00adli\u00adgung gem. Art. 6&nbsp;Abs. 1&nbsp;S. 1&nbsp;lit. a&nbsp;DSGVO, sofern Sie Ihre Einwil\u00adli\u00adgung zuvor hierzu abgegeben haben.<\/p>\n<p>Bitte beachten Sie, dass die Nutzung von Captchas dazu f\u00fchren kann, dass Ihre Daten au\u00dfer\u00adhalb der EU bzw. des EWR verar\u00adbeitet werden. In einigen L\u00e4ndern besteht dabei das Risiko, dass Beh\u00f6rden auf die Daten zu Sicher\u00adheits- und \u00dcberwa\u00adchungs\u00adzwe\u00adcken zugreifen, ohne dass Sie hier\u00fcber infor\u00admiert werden oder Rechts\u00admittel einlegen k\u00f6nnen. Sofern wir Anbieter in unsicheren Dritt\u00adl\u00e4n\u00addern einsetzen und Sie einwil\u00adligen, erfolgt die \u00dcbermitt\u00adlung in ein unsicheres Dritt\u00adland auf Grund\u00adlage von Art. 49 Abs. 1&nbsp;lit. a&nbsp;DSGVO.<\/p>\n<p>&nbsp;<\/p>\n<p><span style=\"color: #ac1a2f;\">Achtung: hier ist auf der alten Webseite eine Tabelle\u2026 Bitte pr\u00fcfen, ggfs. l\u00f6st dies das neue Cookie-Plugin<\/span>[\/vc_column_text][\/vc_column][vc_column width=\u201e1\/6\u201c][\/vc_column][\/vc_row][vc_row padding_top_multiplier=\u201c\u201c padding_bottom_multiplier=\u201e3x\u201c disable_element=\u201eyes\u201c columns_gap=\u201e60\u201c][vc_column width=\u201e1\/6\u201c vertical_content_position=\u201emiddle\u201c][\/vc_column][vc_column width=\u201e2\/3\u201c][vc_column_text]<\/p>\n<h3 class=\"grve-element grve-title grve-align-left grve-h5\">13. Speicher\u00addauer<\/h3>\n<p>Sofern wir nicht im Einzelnen bereits \u00fcber die Speicher\u00addauer infor\u00admiert haben, l\u00f6schen wir perso\u00adnen\u00adbe\u00adzo\u00adgene Daten, wenn sie f\u00fcr die vorge\u00adnannten Verar\u00adbei\u00adtungs\u00adzwecke nicht mehr erfor\u00adder\u00adlich sind und keine gesetz\u00adli\u00adchen Aufbe\u00adwah\u00adrungs\u00adpflichten einer L\u00f6schung entgegenstehen.[\/vc_column_text][\/vc_column][vc_column width=\u201e1\/6\u201c][\/vc_column][\/vc_row][\/vc_section]<\/p>\n<\/div>","protected":false},"excerpt":{"rendered":"<p>When you visit our social media pages, it may be neces\u00adsary to process data relating to you. We would there\u00adfore like to inform you below, in accordance with Art. 13 of the General Data Protec\u00adtion Regula\u00adtion (DSGVO), about the handling of your data and your rights resul\u00adting from&nbsp;this.<\/p>\n","protected":false},"author":9,"featured_media":0,"parent":0,"menu_order":0,"comment_status":"closed","ping_status":"closed","template":"","meta":{"wp_typography_post_enhancements_disabled":false,"footnotes":""},"class_list":["post-24796","page","type-page","status-publish","hentry","grve-entry-item"],"yoast_head":"<!-- This site is optimized with the Yoast SEO plugin v27.4 - https:\/\/yoast.com\/product\/yoast-seo-wordpress\/ -->\n<title>Privacy policy social media &#8226; HAMBURG TEAM<\/title>\n<meta name=\"robots\" content=\"index, follow, max-snippet:-1, max-image-preview:large, max-video-preview:-1\" \/>\n<link rel=\"canonical\" href=\"https:\/\/hamburgteam.de\/en\/privacy-policy-social-media\/\" \/>\n<meta property=\"og:locale\" content=\"en_US\" \/>\n<meta property=\"og:type\" content=\"article\" \/>\n<meta property=\"og:title\" content=\"Privacy policy social media &#8226; HAMBURG TEAM\" \/>\n<meta property=\"og:description\" content=\"When you visit our social media pages, it may be necessary to process data relating to you. We would therefore like to inform you below, in accordance with Art. 13 of the General Data Protection Regulation (DSGVO), about the handling of your data and your rights resulting from this.\" \/>\n<meta property=\"og:url\" content=\"https:\/\/hamburgteam.de\/en\/privacy-policy-social-media\/\" \/>\n<meta property=\"og:site_name\" content=\"HAMBURG TEAM\" \/>\n<meta property=\"article:publisher\" content=\"https:\/\/www.facebook.com\/hamburgteam\" \/>\n<meta property=\"article:modified_time\" content=\"2023-11-14T10:54:46+00:00\" \/>\n<meta property=\"og:image\" content=\"https:\/\/hamburgteam.de\/wp-content\/uploads\/2022\/08\/25jahre-teaser.jpg\" \/>\n\t<meta property=\"og:image:width\" content=\"2400\" \/>\n\t<meta property=\"og:image:height\" content=\"1350\" \/>\n\t<meta property=\"og:image:type\" content=\"image\/jpeg\" \/>\n<meta name=\"twitter:card\" content=\"summary_large_image\" \/>\n<meta name=\"twitter:label1\" content=\"Est. reading time\" \/>\n\t<meta name=\"twitter:data1\" content=\"21 minutes\" \/>\n<script type=\"application\/ld+json\" class=\"yoast-schema-graph\">{\"@context\":\"https:\\\/\\\/schema.org\",\"@graph\":[{\"@type\":\"WebPage\",\"@id\":\"https:\\\/\\\/hamburgteam.de\\\/en\\\/privacy-policy-social-media\\\/\",\"url\":\"https:\\\/\\\/hamburgteam.de\\\/en\\\/privacy-policy-social-media\\\/\",\"name\":\"Privacy policy social media &#8226; HAMBURG TEAM\",\"isPartOf\":{\"@id\":\"https:\\\/\\\/hamburgteam.de\\\/en\\\/#website\"},\"datePublished\":\"2022-10-06T13:11:34+00:00\",\"dateModified\":\"2023-11-14T10:54:46+00:00\",\"breadcrumb\":{\"@id\":\"https:\\\/\\\/hamburgteam.de\\\/en\\\/privacy-policy-social-media\\\/#breadcrumb\"},\"inLanguage\":\"en-US\",\"potentialAction\":[{\"@type\":\"ReadAction\",\"target\":[\"https:\\\/\\\/hamburgteam.de\\\/en\\\/privacy-policy-social-media\\\/\"]}]},{\"@type\":\"BreadcrumbList\",\"@id\":\"https:\\\/\\\/hamburgteam.de\\\/en\\\/privacy-policy-social-media\\\/#breadcrumb\",\"itemListElement\":[{\"@type\":\"ListItem\",\"position\":1,\"name\":\"Home\",\"item\":\"https:\\\/\\\/hamburgteam.de\\\/en\\\/\"},{\"@type\":\"ListItem\",\"position\":2,\"name\":\"Privacy policy social media\"}]},{\"@type\":\"WebSite\",\"@id\":\"https:\\\/\\\/hamburgteam.de\\\/en\\\/#website\",\"url\":\"https:\\\/\\\/hamburgteam.de\\\/en\\\/\",\"name\":\"HAMBURG TEAM\",\"description\":\"Immobilien, Ideen, Werte \u2013 das sind wir\",\"publisher\":{\"@id\":\"https:\\\/\\\/hamburgteam.de\\\/en\\\/#organization\"},\"potentialAction\":[{\"@type\":\"SearchAction\",\"target\":{\"@type\":\"EntryPoint\",\"urlTemplate\":\"https:\\\/\\\/hamburgteam.de\\\/en\\\/?s={search_term_string}\"},\"query-input\":{\"@type\":\"PropertyValueSpecification\",\"valueRequired\":true,\"valueName\":\"search_term_string\"}}],\"inLanguage\":\"en-US\"},{\"@type\":\"Organization\",\"@id\":\"https:\\\/\\\/hamburgteam.de\\\/en\\\/#organization\",\"name\":\"HAMBURG TEAM Gruppe\",\"url\":\"https:\\\/\\\/hamburgteam.de\\\/en\\\/\",\"logo\":{\"@type\":\"ImageObject\",\"inLanguage\":\"en-US\",\"@id\":\"https:\\\/\\\/hamburgteam.de\\\/en\\\/#\\\/schema\\\/logo\\\/image\\\/\",\"url\":\"https:\\\/\\\/hamburgteam.de\\\/wp-content\\\/uploads\\\/2022\\\/09\\\/HT-logo-download.png\",\"contentUrl\":\"https:\\\/\\\/hamburgteam.de\\\/wp-content\\\/uploads\\\/2022\\\/09\\\/HT-logo-download.png\",\"width\":1200,\"height\":676,\"caption\":\"HAMBURG TEAM Gruppe\"},\"image\":{\"@id\":\"https:\\\/\\\/hamburgteam.de\\\/en\\\/#\\\/schema\\\/logo\\\/image\\\/\"},\"sameAs\":[\"https:\\\/\\\/www.facebook.com\\\/hamburgteam\",\"https:\\\/\\\/www.linkedin.com\\\/company\\\/hamburg-team-gruppe\\\/\",\"https:\\\/\\\/www.xing.com\\\/pages\\\/hamburg-team-gruppe\",\"https:\\\/\\\/www.instagram.com\\\/hamburgteam\\\/\"]}]}<\/script>\n<!-- \/ Yoast SEO plugin. -->","yoast_head_json":{"title":"Privacy policy social media &#8226; HAMBURG TEAM","robots":{"index":"index","follow":"follow","max-snippet":"max-snippet:-1","max-image-preview":"max-image-preview:large","max-video-preview":"max-video-preview:-1"},"canonical":"https:\/\/hamburgteam.de\/en\/privacy-policy-social-media\/","og_locale":"en_US","og_type":"article","og_title":"Privacy policy social media &#8226; HAMBURG TEAM","og_description":"When you visit our social media pages, it may be necessary to process data relating to you. We would therefore like to inform you below, in accordance with Art. 13 of the General Data Protection Regulation (DSGVO), about the handling of your data and your rights resulting from this.","og_url":"https:\/\/hamburgteam.de\/en\/privacy-policy-social-media\/","og_site_name":"HAMBURG TEAM","article_publisher":"https:\/\/www.facebook.com\/hamburgteam","article_modified_time":"2023-11-14T10:54:46+00:00","og_image":[{"width":2400,"height":1350,"url":"https:\/\/hamburgteam.de\/wp-content\/uploads\/2022\/08\/25jahre-teaser.jpg","type":"image\/jpeg"}],"twitter_card":"summary_large_image","twitter_misc":{"Est. reading time":"21 minutes"},"schema":{"@context":"https:\/\/schema.org","@graph":[{"@type":"WebPage","@id":"https:\/\/hamburgteam.de\/en\/privacy-policy-social-media\/","url":"https:\/\/hamburgteam.de\/en\/privacy-policy-social-media\/","name":"Privacy policy social media &#8226; HAMBURG TEAM","isPartOf":{"@id":"https:\/\/hamburgteam.de\/en\/#website"},"datePublished":"2022-10-06T13:11:34+00:00","dateModified":"2023-11-14T10:54:46+00:00","breadcrumb":{"@id":"https:\/\/hamburgteam.de\/en\/privacy-policy-social-media\/#breadcrumb"},"inLanguage":"en-US","potentialAction":[{"@type":"ReadAction","target":["https:\/\/hamburgteam.de\/en\/privacy-policy-social-media\/"]}]},{"@type":"BreadcrumbList","@id":"https:\/\/hamburgteam.de\/en\/privacy-policy-social-media\/#breadcrumb","itemListElement":[{"@type":"ListItem","position":1,"name":"Home","item":"https:\/\/hamburgteam.de\/en\/"},{"@type":"ListItem","position":2,"name":"Privacy policy social media"}]},{"@type":"WebSite","@id":"https:\/\/hamburgteam.de\/en\/#website","url":"https:\/\/hamburgteam.de\/en\/","name":"HAMBURG TEAM","description":"Immobilien, Ideen, Werte \u2013 das sind wir","publisher":{"@id":"https:\/\/hamburgteam.de\/en\/#organization"},"potentialAction":[{"@type":"SearchAction","target":{"@type":"EntryPoint","urlTemplate":"https:\/\/hamburgteam.de\/en\/?s={search_term_string}"},"query-input":{"@type":"PropertyValueSpecification","valueRequired":true,"valueName":"search_term_string"}}],"inLanguage":"en-US"},{"@type":"Organization","@id":"https:\/\/hamburgteam.de\/en\/#organization","name":"HAMBURG TEAM Gruppe","url":"https:\/\/hamburgteam.de\/en\/","logo":{"@type":"ImageObject","inLanguage":"en-US","@id":"https:\/\/hamburgteam.de\/en\/#\/schema\/logo\/image\/","url":"https:\/\/hamburgteam.de\/wp-content\/uploads\/2022\/09\/HT-logo-download.png","contentUrl":"https:\/\/hamburgteam.de\/wp-content\/uploads\/2022\/09\/HT-logo-download.png","width":1200,"height":676,"caption":"HAMBURG TEAM Gruppe"},"image":{"@id":"https:\/\/hamburgteam.de\/en\/#\/schema\/logo\/image\/"},"sameAs":["https:\/\/www.facebook.com\/hamburgteam","https:\/\/www.linkedin.com\/company\/hamburg-team-gruppe\/","https:\/\/www.xing.com\/pages\/hamburg-team-gruppe","https:\/\/www.instagram.com\/hamburgteam\/"]}]}},"_links":{"self":[{"href":"https:\/\/hamburgteam.de\/en\/wp-json\/wp\/v2\/pages\/24796","targetHints":{"allow":["GET"]}}],"collection":[{"href":"https:\/\/hamburgteam.de\/en\/wp-json\/wp\/v2\/pages"}],"about":[{"href":"https:\/\/hamburgteam.de\/en\/wp-json\/wp\/v2\/types\/page"}],"author":[{"embeddable":true,"href":"https:\/\/hamburgteam.de\/en\/wp-json\/wp\/v2\/users\/9"}],"replies":[{"embeddable":true,"href":"https:\/\/hamburgteam.de\/en\/wp-json\/wp\/v2\/comments?post=24796"}],"version-history":[{"count":7,"href":"https:\/\/hamburgteam.de\/en\/wp-json\/wp\/v2\/pages\/24796\/revisions"}],"predecessor-version":[{"id":25356,"href":"https:\/\/hamburgteam.de\/en\/wp-json\/wp\/v2\/pages\/24796\/revisions\/25356"}],"wp:attachment":[{"href":"https:\/\/hamburgteam.de\/en\/wp-json\/wp\/v2\/media?parent=24796"}],"curies":[{"name":"wp","href":"https:\/\/api.w.org\/{rel}","templated":true}]}}